








{"version":"1.0","provider_name":"ADoP","provider_url":"https:\/\/adop.pt\/en","author_name":"carlos.santos","author_url":"https:\/\/adop.pt\/en\/author\/carlos-santos\/","title":"Laborat\u00f3rio de An\u00e1lises de Dopagem de Lisboa recupera acredita\u00e7\u00e3o da Ag\u00eancia Mundial Antidopagem - ADoP","type":"rich","width":600,"height":338,"html":"<blockquote class=\"wp-embedded-content\" data-secret=\"LEXS1sGvZL\"><a href=\"https:\/\/adop.pt\/en\/4072-2\/\">Laborat\u00f3rio de An\u00e1lises de Dopagem de Lisboa recupera acredita\u00e7\u00e3o da Ag\u00eancia Mundial Antidopagem<\/a><\/blockquote><iframe sandbox=\"allow-scripts\" security=\"restricted\" src=\"https:\/\/adop.pt\/en\/4072-2\/embed\/#?secret=LEXS1sGvZL\" width=\"600\" height=\"338\" title=\"&#8220;Laborat\u00f3rio de An\u00e1lises de Dopagem de Lisboa recupera acredita\u00e7\u00e3o da Ag\u00eancia Mundial Antidopagem&#8221; &#8212; ADoP\" data-secret=\"LEXS1sGvZL\" frameborder=\"0\" marginwidth=\"0\" marginheight=\"0\" scrolling=\"no\" class=\"wp-embedded-content\"><\/iframe><script type=\"text\/javascript\">\n\/* <![CDATA[ *\/\n\/*! This file is auto-generated *\/\n!function(d,l){\"use strict\";l.querySelector&&d.addEventListener&&\"undefined\"!=typeof URL&&(d.wp=d.wp||{},d.wp.receiveEmbedMessage||(d.wp.receiveEmbedMessage=function(e){var t=e.data;if((t||t.secret||t.message||t.value)&&!\/[^a-zA-Z0-9]\/.test(t.secret)){for(var s,r,n,a=l.querySelectorAll('iframe[data-secret=\"'+t.secret+'\"]'),o=l.querySelectorAll('blockquote[data-secret=\"'+t.secret+'\"]'),c=new RegExp(\"^https?:$\",\"i\"),i=0;i<o.length;i++)o[i].style.display=\"none\";for(i=0;i<a.length;i++)s=a[i],e.source===s.contentWindow&&(s.removeAttribute(\"style\"),\"height\"===t.message?(1e3<(r=parseInt(t.value,10))?r=1e3:~~r<200&&(r=200),s.height=r):\"link\"===t.message&&(r=new URL(s.getAttribute(\"src\")),n=new URL(t.value),c.test(n.protocol))&&n.host===r.host&&l.activeElement===s&&(d.top.location.href=t.value))}},d.addEventListener(\"message\",d.wp.receiveEmbedMessage,!1),l.addEventListener(\"DOMContentLoaded\",function(){for(var e,t,s=l.querySelectorAll(\"iframe.wp-embedded-content\"),r=0;r<s.length;r++)(t=(e=s[r]).getAttribute(\"data-secret\"))||(t=Math.random().toString(36).substring(2,12),e.src+=\"#?secret=\"+t,e.setAttribute(\"data-secret\",t)),e.contentWindow.postMessage({message:\"ready\",secret:t},\"*\")},!1)))}(window,document);\n\/\/# sourceURL=https:\/\/adop.pt\/wp-includes\/js\/wp-embed.min.js\n\/* ]]> *\/\n<\/script>","thumbnail_url":"https:\/\/adop.pt\/wp-content\/uploads\/2024\/12\/52-22.09.2022-Acreditacao-do-LAD.jpg","thumbnail_width":334,"thumbnail_height":165,"description":"O Comit\u00e9 Executivo da Ag\u00eancia Mundial Antidopagem (WADA), efetuou a sua segunda reuni\u00e3o do corrente ano, em Sidney \u2013 Austr\u00e1lia no dia 22 de setembro. Nessa reuni\u00e3o, entre outras decis\u00f5es, aprovaram uma recomenda\u00e7\u00e3o do Grupo de Peritos de Laborat\u00f3rio da WADA (LabEAG) para conceder a acredita\u00e7\u00e3o ao Laborat\u00f3rio de An\u00e1lises de Dopagem (LAD) localizado em [&hellip;]"}